{"id":39,"date":"2019-12-15T15:10:19","date_gmt":"2019-12-15T14:10:19","guid":{"rendered":"https:\/\/www.cie-colegram.com\/?page_id=39"},"modified":"2025-02-04T18:25:35","modified_gmt":"2025-02-04T17:25:35","slug":"equipe","status":"publish","type":"page","link":"https:\/\/www.cie-colegram.com\/index.php\/equipe\/","title":{"rendered":"L&rsquo;\u00c9QUIPE"},"content":{"rendered":"\t\t<div data-elementor-type=\"wp-page\" data-elementor-id=\"39\" class=\"elementor elementor-39\">\n\t\t\t\t\t\t<section class=\"elementor-section elementor-top-section elementor-element elementor-element-17860e1 elementor-section-stretched elementor-section-boxed elementor-section-height-default elementor-section-height-default\" data-id=\"17860e1\" data-element_type=\"section\" data-e-type=\"section\" data-settings=\"{&quot;stretch_section&quot;:&quot;section-stretched&quot;}\">\n\t\t\t\t\t\t<div class=\"elementor-container elementor-column-gap-default\">\n\t\t\t\t\t<div class=\"elementor-column elementor-col-50 elementor-top-column elementor-element elementor-element-6577a0f\" data-id=\"6577a0f\" data-element_type=\"column\" data-e-type=\"column\">\n\t\t\t<div class=\"elementor-widget-wrap elementor-element-populated\">\n\t\t\t\t\t\t<div class=\"elementor-element elementor-element-960df32 elementor-position-top elementor-widget elementor-widget-image-box\" data-id=\"960df32\" data-element_type=\"widget\" data-e-type=\"widget\" data-widget_type=\"image-box.default\">\n\t\t\t\t<div class=\"elementor-widget-container\">\n\t\t\t\t\t<div class=\"elementor-image-box-wrapper\"><figure class=\"elementor-image-box-img\"><img fetchpriority=\"high\" decoding=\"async\" width=\"1000\" height=\"600\" src=\"https:\/\/www.cie-colegram.com\/wp-content\/uploads\/2019\/12\/cie-colegram-cecile-combaret-momentum.jpg\" class=\"attachment-full size-full wp-image-138\" alt=\"C\u00e9cile Combaret\" srcset=\"https:\/\/www.cie-colegram.com\/wp-content\/uploads\/2019\/12\/cie-colegram-cecile-combaret-momentum.jpg 1000w, https:\/\/www.cie-colegram.com\/wp-content\/uploads\/2019\/12\/cie-colegram-cecile-combaret-momentum-300x180.jpg 300w, https:\/\/www.cie-colegram.com\/wp-content\/uploads\/2019\/12\/cie-colegram-cecile-combaret-momentum-768x461.jpg 768w\" sizes=\"(max-width: 1000px) 100vw, 1000px\" \/><\/figure><div class=\"elementor-image-box-content\"><h3 class=\"elementor-image-box-title\">C\u00e9cile Combaret<span style=\"font-family: inherit;letter-spacing: -0.02em;text-align: justify\"><\/span><\/h3><p class=\"elementor-image-box-description\">Production &amp; Administration<\/p><\/div><\/div>\t\t\t\t<\/div>\n\t\t\t\t<\/div>\n\t\t\t\t<div class=\"elementor-element elementor-element-373b628 elementor-widget elementor-widget-text-editor\" data-id=\"373b628\" data-element_type=\"widget\" data-e-type=\"widget\" data-widget_type=\"text-editor.default\">\n\t\t\t\t<div class=\"elementor-widget-container\">\n\t\t\t\t\t\t\t\t\t<p>Ancienne avocate, C\u00e9cile a cr\u00e9\u00e9 Momentum en 2015 pour concevoir et coordonner des projets culturels aupr\u00e8s de tous publics. En 2019, elle cr\u00e9e \u00e0 Arles avec Tarek et Sarah Perret Vignau le festival international de danse contemporaine <a href=\"https:\/\/www.rencontresfmr.com\/\" target=\"_blank\" rel=\"noopener\">FMR<\/a>.\u200b<\/p>\t\t\t\t\t\t\t\t<\/div>\n\t\t\t\t<\/div>\n\t\t\t\t\t<\/div>\n\t\t<\/div>\n\t\t\t\t<div class=\"elementor-column elementor-col-50 elementor-top-column elementor-element elementor-element-e7ceb3c\" data-id=\"e7ceb3c\" data-element_type=\"column\" data-e-type=\"column\">\n\t\t\t<div class=\"elementor-widget-wrap elementor-element-populated\">\n\t\t\t\t\t\t<div class=\"elementor-element elementor-element-f797891 elementor-position-top elementor-widget elementor-widget-image-box\" data-id=\"f797891\" data-element_type=\"widget\" data-e-type=\"widget\" data-widget_type=\"image-box.default\">\n\t\t\t\t<div class=\"elementor-widget-container\">\n\t\t\t\t\t<div class=\"elementor-image-box-wrapper\"><figure class=\"elementor-image-box-img\"><img decoding=\"async\" width=\"1000\" height=\"600\" src=\"https:\/\/www.cie-colegram.com\/wp-content\/uploads\/2019\/12\/cie-colegram-s-amblard.jpg\" class=\"attachment-full size-full wp-image-234\" alt=\"S\u00e9bastien Amblard\" srcset=\"https:\/\/www.cie-colegram.com\/wp-content\/uploads\/2019\/12\/cie-colegram-s-amblard.jpg 1000w, https:\/\/www.cie-colegram.com\/wp-content\/uploads\/2019\/12\/cie-colegram-s-amblard-300x180.jpg 300w, https:\/\/www.cie-colegram.com\/wp-content\/uploads\/2019\/12\/cie-colegram-s-amblard-768x461.jpg 768w\" sizes=\"(max-width: 1000px) 100vw, 1000px\" \/><\/figure><div class=\"elementor-image-box-content\"><h3 class=\"elementor-image-box-title\">S\u00e9bastien Amblard<span style=\"font-family: inherit;letter-spacing: -0.02em;text-align: justify\"><\/span><\/h3><p class=\"elementor-image-box-description\">Collaboration artistique<\/p><\/div><\/div>\t\t\t\t<\/div>\n\t\t\t\t<\/div>\n\t\t\t\t<div class=\"elementor-element elementor-element-21aadbf elementor-widget elementor-widget-text-editor\" data-id=\"21aadbf\" data-element_type=\"widget\" data-e-type=\"widget\" data-widget_type=\"text-editor.default\">\n\t\t\t\t<div class=\"elementor-widget-container\">\n\t\t\t\t\t\t\t\t\t<p>Com\u00e9dien, metteur en sc\u00e8ne et dramaturge, form\u00e9 au CNSAD de Grenoble et \u00e0 l\u2019EPSAD Lille, artiste associ\u00e9 du TDN et du th\u00e9atre du peuple, il fonde en 2021 la compagnie de danse et th\u00e9\u00e2tre <a href=\"https:\/\/www.samacompagnie.com\/\" target=\"_blank\" rel=\"noopener\">Sama<\/a>.<\/p>\t\t\t\t\t\t\t\t<\/div>\n\t\t\t\t<\/div>\n\t\t\t\t\t<\/div>\n\t\t<\/div>\n\t\t\t\t\t<\/div>\n\t\t<\/section>\n\t\t\t\t<section class=\"elementor-section elementor-top-section elementor-element elementor-element-511b2fd elementor-section-stretched elementor-section-boxed elementor-section-height-default elementor-section-height-default\" data-id=\"511b2fd\" data-element_type=\"section\" data-e-type=\"section\" data-settings=\"{&quot;stretch_section&quot;:&quot;section-stretched&quot;}\">\n\t\t\t\t\t\t<div class=\"elementor-container elementor-column-gap-default\">\n\t\t\t\t\t<div class=\"elementor-column elementor-col-33 elementor-top-column elementor-element elementor-element-1f40f92\" data-id=\"1f40f92\" data-element_type=\"column\" data-e-type=\"column\">\n\t\t\t<div class=\"elementor-widget-wrap elementor-element-populated\">\n\t\t\t\t\t\t<div class=\"elementor-element elementor-element-fc4ed3a elementor-position-top elementor-widget elementor-widget-image-box\" data-id=\"fc4ed3a\" data-element_type=\"widget\" data-e-type=\"widget\" data-widget_type=\"image-box.default\">\n\t\t\t\t<div class=\"elementor-widget-container\">\n\t\t\t\t\t<div class=\"elementor-image-box-wrapper\"><figure class=\"elementor-image-box-img\"><img decoding=\"async\" width=\"1000\" height=\"600\" src=\"https:\/\/www.cie-colegram.com\/wp-content\/uploads\/2020\/01\/cie-colegram-philippe-catalano.jpg\" class=\"attachment-full size-full wp-image-391\" alt=\"Philippe Catalano\" srcset=\"https:\/\/www.cie-colegram.com\/wp-content\/uploads\/2020\/01\/cie-colegram-philippe-catalano.jpg 1000w, https:\/\/www.cie-colegram.com\/wp-content\/uploads\/2020\/01\/cie-colegram-philippe-catalano-300x180.jpg 300w, https:\/\/www.cie-colegram.com\/wp-content\/uploads\/2020\/01\/cie-colegram-philippe-catalano-768x461.jpg 768w\" sizes=\"(max-width: 1000px) 100vw, 1000px\" \/><\/figure><div class=\"elementor-image-box-content\"><h3 class=\"elementor-image-box-title\">Philippe Catalano<\/h3><p class=\"elementor-image-box-description\">Cr\u00e9ation lumi\u00e8res<\/p><\/div><\/div>\t\t\t\t<\/div>\n\t\t\t\t<\/div>\n\t\t\t\t<div class=\"elementor-element elementor-element-b9be1b5 elementor-widget elementor-widget-text-editor\" data-id=\"b9be1b5\" data-element_type=\"widget\" data-e-type=\"widget\" data-widget_type=\"text-editor.default\">\n\t\t\t\t<div class=\"elementor-widget-container\">\n\t\t\t\t\t\t\t\t\t<p class=\"N-ZiCg direction-ltr align-start para-style-body\">Philippe collabore \u00e0 la cr\u00e9ation des\u00a0lumi\u00e8res \u00e0 la Cour d\u2019Honneur du Palais des Papes d&rsquo;Avignon de 1997 \u00e0 2010 (Pina Bausch, Thomas Ostermeier, Angelin Preljocaj&#8230;) Il est \u00e9galement formateur lumi\u00e8re depuis 25 ans.<\/p>\t\t\t\t\t\t\t\t<\/div>\n\t\t\t\t<\/div>\n\t\t\t\t\t<\/div>\n\t\t<\/div>\n\t\t\t\t<div class=\"elementor-column elementor-col-33 elementor-top-column elementor-element elementor-element-5c08ccf\" data-id=\"5c08ccf\" data-element_type=\"column\" data-e-type=\"column\">\n\t\t\t<div class=\"elementor-widget-wrap elementor-element-populated\">\n\t\t\t\t\t\t<div class=\"elementor-element elementor-element-36811d1 elementor-position-top elementor-widget elementor-widget-image-box\" data-id=\"36811d1\" data-element_type=\"widget\" data-e-type=\"widget\" data-widget_type=\"image-box.default\">\n\t\t\t\t<div class=\"elementor-widget-container\">\n\t\t\t\t\t<div class=\"elementor-image-box-wrapper\"><figure class=\"elementor-image-box-img\"><img loading=\"lazy\" decoding=\"async\" width=\"1000\" height=\"600\" src=\"https:\/\/www.cie-colegram.com\/wp-content\/uploads\/2019\/12\/cie-colegram-audiane-cojean.jpg\" class=\"attachment-full size-full wp-image-204\" alt=\"Audiane Cojean\" srcset=\"https:\/\/www.cie-colegram.com\/wp-content\/uploads\/2019\/12\/cie-colegram-audiane-cojean.jpg 1000w, https:\/\/www.cie-colegram.com\/wp-content\/uploads\/2019\/12\/cie-colegram-audiane-cojean-300x180.jpg 300w, https:\/\/www.cie-colegram.com\/wp-content\/uploads\/2019\/12\/cie-colegram-audiane-cojean-768x461.jpg 768w\" sizes=\"(max-width: 1000px) 100vw, 1000px\" \/><\/figure><div class=\"elementor-image-box-content\"><h3 class=\"elementor-image-box-title\">Audiane Cojean<\/h3><p class=\"elementor-image-box-description\">Cr\u00e9ation costumes<\/p><\/div><\/div>\t\t\t\t<\/div>\n\t\t\t\t<\/div>\n\t\t\t\t<div class=\"elementor-element elementor-element-bd9ea39 elementor-widget elementor-widget-text-editor\" data-id=\"bd9ea39\" data-element_type=\"widget\" data-e-type=\"widget\" data-widget_type=\"text-editor.default\">\n\t\t\t\t<div class=\"elementor-widget-container\">\n\t\t\t\t\t\t\t\t\t<p>Licenci\u00e9e en Arts Plastiques et Sciences de l\u2019Art, Audiane se forme aux ateliers C\u00e9line et \u00e0 l\u2019Acad\u00e9mie de l\u2019Op\u00e9ra de Paris (costumes). Elle travaille chez Balenciaga et signe sa premi\u00e8re cr\u00e9ation de costumes pour <em>R\u00c9SISTER<\/em>.<\/p>\t\t\t\t\t\t\t\t<\/div>\n\t\t\t\t<\/div>\n\t\t\t\t\t<\/div>\n\t\t<\/div>\n\t\t\t\t<div class=\"elementor-column elementor-col-33 elementor-top-column elementor-element elementor-element-f5be6f0\" data-id=\"f5be6f0\" data-element_type=\"column\" data-e-type=\"column\">\n\t\t\t<div class=\"elementor-widget-wrap elementor-element-populated\">\n\t\t\t\t\t\t<div class=\"elementor-element elementor-element-7dfa3f9 elementor-position-top elementor-widget elementor-widget-image-box\" data-id=\"7dfa3f9\" data-element_type=\"widget\" data-e-type=\"widget\" data-widget_type=\"image-box.default\">\n\t\t\t\t<div class=\"elementor-widget-container\">\n\t\t\t\t\t<div class=\"elementor-image-box-wrapper\"><figure class=\"elementor-image-box-img\"><img loading=\"lazy\" decoding=\"async\" width=\"1000\" height=\"600\" src=\"https:\/\/www.cie-colegram.com\/wp-content\/uploads\/2019\/12\/cie-colegram-philippe-monpontet.jpg\" class=\"attachment-full size-full wp-image-147\" alt=\"Philippe Monpontet\" srcset=\"https:\/\/www.cie-colegram.com\/wp-content\/uploads\/2019\/12\/cie-colegram-philippe-monpontet.jpg 1000w, https:\/\/www.cie-colegram.com\/wp-content\/uploads\/2019\/12\/cie-colegram-philippe-monpontet-300x180.jpg 300w, https:\/\/www.cie-colegram.com\/wp-content\/uploads\/2019\/12\/cie-colegram-philippe-monpontet-768x461.jpg 768w\" sizes=\"(max-width: 1000px) 100vw, 1000px\" \/><\/figure><div class=\"elementor-image-box-content\"><h3 class=\"elementor-image-box-title\">Philippe Monpontet<\/h3><p class=\"elementor-image-box-description\">Photographe &amp; R\u00e9alisateur<\/p><\/div><\/div>\t\t\t\t<\/div>\n\t\t\t\t<\/div>\n\t\t\t\t<div class=\"elementor-element elementor-element-823e3f5 elementor-widget elementor-widget-text-editor\" data-id=\"823e3f5\" data-element_type=\"widget\" data-e-type=\"widget\" data-widget_type=\"text-editor.default\">\n\t\t\t\t<div class=\"elementor-widget-container\">\n\t\t\t\t\t\t\t\t\t<p>Philippe \u00e9volue dans le milieu de la t\u00e9l\u00e9vision pendant 10 ans, de plateaux d\u2019\u00e9missions en t\u00e9l\u00e9films, avant de s&rsquo;int\u00e9resser \u00e0 la photographie. Il poss\u00e8de \u00e0 son actif plusieurs court-m\u00e9trages de fiction dont il a assur\u00e9 la r\u00e9alisation.<\/p>\t\t\t\t\t\t\t\t<\/div>\n\t\t\t\t<\/div>\n\t\t\t\t\t<\/div>\n\t\t<\/div>\n\t\t\t\t\t<\/div>\n\t\t<\/section>\n\t\t\t\t<section class=\"elementor-section elementor-top-section elementor-element elementor-element-e7efcc4 elementor-section-boxed elementor-section-height-default elementor-section-height-default\" data-id=\"e7efcc4\" data-element_type=\"section\" data-e-type=\"section\">\n\t\t\t\t\t\t<div class=\"elementor-container elementor-column-gap-default\">\n\t\t\t\t\t<div class=\"elementor-column elementor-col-100 elementor-top-column elementor-element elementor-element-bb2cf12\" data-id=\"bb2cf12\" data-element_type=\"column\" data-e-type=\"column\">\n\t\t\t<div class=\"elementor-widget-wrap elementor-element-populated\">\n\t\t\t\t\t\t<div class=\"elementor-element elementor-element-1d98c35 elementor-widget elementor-widget-spacer\" data-id=\"1d98c35\" data-element_type=\"widget\" data-e-type=\"widget\" data-widget_type=\"spacer.default\">\n\t\t\t\t<div class=\"elementor-widget-container\">\n\t\t\t\t\t\t\t<div class=\"elementor-spacer\">\n\t\t\t<div class=\"elementor-spacer-inner\"><\/div>\n\t\t<\/div>\n\t\t\t\t\t\t<\/div>\n\t\t\t\t<\/div>\n\t\t\t\t\t<\/div>\n\t\t<\/div>\n\t\t\t\t\t<\/div>\n\t\t<\/section>\n\t\t\t\t<\/div>\n\t\t","protected":false},"excerpt":{"rendered":"<p>C\u00e9cile Combaret Production &#038; Administration Ancienne avocate, C\u00e9cile a cr\u00e9\u00e9 Momentum en 2015 pour concevoir et coordonner des projets culturels aupr\u00e8s de tous publics. En 2019, elle cr\u00e9e \u00e0 Arles avec Tarek et Sarah Perret Vignau le festival international de danse contemporaine FMR.\u200b S\u00e9bastien Amblard Collaboration artistique Com\u00e9dien, metteur en sc\u00e8ne et dramaturge, form\u00e9 au&hellip;<\/p>\n","protected":false},"author":2,"featured_media":135,"parent":0,"menu_order":0,"comment_status":"closed","ping_status":"closed","template":"","meta":{"_monsterinsights_skip_tracking":false,"_monsterinsights_sitenote_active":false,"_monsterinsights_sitenote_note":"","_monsterinsights_sitenote_category":0,"footnotes":""},"class_list":["post-39","page","type-page","status-publish","has-post-thumbnail","hentry"],"yoast_head":"<!-- This site is optimized with the Yoast SEO plugin v24.5 - https:\/\/yoast.com\/wordpress\/plugins\/seo\/ -->\n<title>L&#039;\u00c9QUIPE - Cie Col\u00e9gram | Tarek A\u00eft Meddour<\/title>\n<meta name=\"description\" content=\"Cie Col\u00e9gram : l&#039;\u00e9quipe autour de Tarek A\u00eft Meddour (administration\/production, artistique, lumi\u00e8res, costumes, photographie...)\" \/>\n<meta name=\"robots\" content=\"index, follow, max-snippet:-1, max-image-preview:large, max-video-preview:-1\" \/>\n<link rel=\"canonical\" href=\"https:\/\/www.cie-colegram.com\/index.php\/equipe\/\" \/>\n<meta property=\"og:locale\" content=\"fr_FR\" \/>\n<meta property=\"og:type\" content=\"article\" \/>\n<meta property=\"og:title\" content=\"L&#039;\u00c9QUIPE - Cie Col\u00e9gram | Tarek A\u00eft Meddour\" \/>\n<meta property=\"og:description\" content=\"Cie Col\u00e9gram : l&#039;\u00e9quipe autour de Tarek A\u00eft Meddour (administration\/production, artistique, lumi\u00e8res, costumes, photographie...)\" \/>\n<meta property=\"og:url\" content=\"https:\/\/www.cie-colegram.com\/index.php\/equipe\/\" \/>\n<meta property=\"og:site_name\" content=\"Cie Col\u00e9gram | Tarek A\u00eft Meddour\" \/>\n<meta property=\"article:modified_time\" content=\"2025-02-04T17:25:35+00:00\" \/>\n<meta property=\"og:image\" content=\"https:\/\/www.cie-colegram.com\/wp-content\/uploads\/2019\/12\/cie-colegram-equipe.jpg\" \/>\n\t<meta property=\"og:image:width\" content=\"2000\" \/>\n\t<meta property=\"og:image:height\" content=\"1200\" \/>\n\t<meta property=\"og:image:type\" content=\"image\/jpeg\" \/>\n<meta name=\"twitter:card\" content=\"summary_large_image\" \/>\n<meta name=\"twitter:label1\" content=\"Dur\u00e9e de lecture estim\u00e9e\" \/>\n\t<meta name=\"twitter:data1\" content=\"3 minutes\" \/>\n<script type=\"application\/ld+json\" class=\"yoast-schema-graph\">{\"@context\":\"https:\/\/schema.org\",\"@graph\":[{\"@type\":\"WebPage\",\"@id\":\"https:\/\/www.cie-colegram.com\/index.php\/equipe\/\",\"url\":\"https:\/\/www.cie-colegram.com\/index.php\/equipe\/\",\"name\":\"L'\u00c9QUIPE - Cie Col\u00e9gram | Tarek A\u00eft Meddour\",\"isPartOf\":{\"@id\":\"https:\/\/www.cie-colegram.com\/#website\"},\"primaryImageOfPage\":{\"@id\":\"https:\/\/www.cie-colegram.com\/index.php\/equipe\/#primaryimage\"},\"image\":{\"@id\":\"https:\/\/www.cie-colegram.com\/index.php\/equipe\/#primaryimage\"},\"thumbnailUrl\":\"https:\/\/www.cie-colegram.com\/wp-content\/uploads\/2019\/12\/cie-colegram-equipe.jpg\",\"datePublished\":\"2019-12-15T14:10:19+00:00\",\"dateModified\":\"2025-02-04T17:25:35+00:00\",\"description\":\"Cie Col\u00e9gram : l'\u00e9quipe autour de Tarek A\u00eft Meddour (administration\/production, artistique, lumi\u00e8res, costumes, photographie...)\",\"breadcrumb\":{\"@id\":\"https:\/\/www.cie-colegram.com\/index.php\/equipe\/#breadcrumb\"},\"inLanguage\":\"fr-FR\",\"potentialAction\":[{\"@type\":\"ReadAction\",\"target\":[\"https:\/\/www.cie-colegram.com\/index.php\/equipe\/\"]}]},{\"@type\":\"ImageObject\",\"inLanguage\":\"fr-FR\",\"@id\":\"https:\/\/www.cie-colegram.com\/index.php\/equipe\/#primaryimage\",\"url\":\"https:\/\/www.cie-colegram.com\/wp-content\/uploads\/2019\/12\/cie-colegram-equipe.jpg\",\"contentUrl\":\"https:\/\/www.cie-colegram.com\/wp-content\/uploads\/2019\/12\/cie-colegram-equipe.jpg\",\"width\":2000,\"height\":1200,\"caption\":\"Cie Col\u00e9gram - Photo \u00a9 Philippe Monpontet\"},{\"@type\":\"BreadcrumbList\",\"@id\":\"https:\/\/www.cie-colegram.com\/index.php\/equipe\/#breadcrumb\",\"itemListElement\":[{\"@type\":\"ListItem\",\"position\":1,\"name\":\"Accueil\",\"item\":\"https:\/\/www.cie-colegram.com\/\"},{\"@type\":\"ListItem\",\"position\":2,\"name\":\"L&#8217;\u00c9QUIPE\"}]},{\"@type\":\"WebSite\",\"@id\":\"https:\/\/www.cie-colegram.com\/#website\",\"url\":\"https:\/\/www.cie-colegram.com\/\",\"name\":\"Cie Col\u00e9gram | Tarek A\u00eft Meddour\",\"description\":\"\",\"publisher\":{\"@id\":\"https:\/\/www.cie-colegram.com\/#organization\"},\"potentialAction\":[{\"@type\":\"SearchAction\",\"target\":{\"@type\":\"EntryPoint\",\"urlTemplate\":\"https:\/\/www.cie-colegram.com\/?s={search_term_string}\"},\"query-input\":{\"@type\":\"PropertyValueSpecification\",\"valueRequired\":true,\"valueName\":\"search_term_string\"}}],\"inLanguage\":\"fr-FR\"},{\"@type\":\"Organization\",\"@id\":\"https:\/\/www.cie-colegram.com\/#organization\",\"name\":\"Cie Col\u00e9gram | Tarek A\u00eft Meddour\",\"url\":\"https:\/\/www.cie-colegram.com\/\",\"logo\":{\"@type\":\"ImageObject\",\"inLanguage\":\"fr-FR\",\"@id\":\"https:\/\/www.cie-colegram.com\/#\/schema\/logo\/image\/\",\"url\":\"https:\/\/www.cie-colegram.com\/wp-content\/uploads\/2019\/12\/CLG_logo_NOIR.png\",\"contentUrl\":\"https:\/\/www.cie-colegram.com\/wp-content\/uploads\/2019\/12\/CLG_logo_NOIR.png\",\"width\":1550,\"height\":2000,\"caption\":\"Cie Col\u00e9gram | Tarek A\u00eft Meddour\"},\"image\":{\"@id\":\"https:\/\/www.cie-colegram.com\/#\/schema\/logo\/image\/\"}}]}<\/script>\n<!-- \/ Yoast SEO plugin. -->","yoast_head_json":{"title":"L'\u00c9QUIPE - Cie Col\u00e9gram | Tarek A\u00eft Meddour","description":"Cie Col\u00e9gram : l'\u00e9quipe autour de Tarek A\u00eft Meddour (administration\/production, artistique, lumi\u00e8res, costumes, photographie...)","robots":{"index":"index","follow":"follow","max-snippet":"max-snippet:-1","max-image-preview":"max-image-preview:large","max-video-preview":"max-video-preview:-1"},"canonical":"https:\/\/www.cie-colegram.com\/index.php\/equipe\/","og_locale":"fr_FR","og_type":"article","og_title":"L'\u00c9QUIPE - Cie Col\u00e9gram | Tarek A\u00eft Meddour","og_description":"Cie Col\u00e9gram : l'\u00e9quipe autour de Tarek A\u00eft Meddour (administration\/production, artistique, lumi\u00e8res, costumes, photographie...)","og_url":"https:\/\/www.cie-colegram.com\/index.php\/equipe\/","og_site_name":"Cie Col\u00e9gram | Tarek A\u00eft Meddour","article_modified_time":"2025-02-04T17:25:35+00:00","og_image":[{"width":2000,"height":1200,"url":"https:\/\/www.cie-colegram.com\/wp-content\/uploads\/2019\/12\/cie-colegram-equipe.jpg","type":"image\/jpeg"}],"twitter_card":"summary_large_image","twitter_misc":{"Dur\u00e9e de lecture estim\u00e9e":"3 minutes"},"schema":{"@context":"https:\/\/schema.org","@graph":[{"@type":"WebPage","@id":"https:\/\/www.cie-colegram.com\/index.php\/equipe\/","url":"https:\/\/www.cie-colegram.com\/index.php\/equipe\/","name":"L'\u00c9QUIPE - Cie Col\u00e9gram | Tarek A\u00eft Meddour","isPartOf":{"@id":"https:\/\/www.cie-colegram.com\/#website"},"primaryImageOfPage":{"@id":"https:\/\/www.cie-colegram.com\/index.php\/equipe\/#primaryimage"},"image":{"@id":"https:\/\/www.cie-colegram.com\/index.php\/equipe\/#primaryimage"},"thumbnailUrl":"https:\/\/www.cie-colegram.com\/wp-content\/uploads\/2019\/12\/cie-colegram-equipe.jpg","datePublished":"2019-12-15T14:10:19+00:00","dateModified":"2025-02-04T17:25:35+00:00","description":"Cie Col\u00e9gram : l'\u00e9quipe autour de Tarek A\u00eft Meddour (administration\/production, artistique, lumi\u00e8res, costumes, photographie...)","breadcrumb":{"@id":"https:\/\/www.cie-colegram.com\/index.php\/equipe\/#breadcrumb"},"inLanguage":"fr-FR","potentialAction":[{"@type":"ReadAction","target":["https:\/\/www.cie-colegram.com\/index.php\/equipe\/"]}]},{"@type":"ImageObject","inLanguage":"fr-FR","@id":"https:\/\/www.cie-colegram.com\/index.php\/equipe\/#primaryimage","url":"https:\/\/www.cie-colegram.com\/wp-content\/uploads\/2019\/12\/cie-colegram-equipe.jpg","contentUrl":"https:\/\/www.cie-colegram.com\/wp-content\/uploads\/2019\/12\/cie-colegram-equipe.jpg","width":2000,"height":1200,"caption":"Cie Col\u00e9gram - Photo \u00a9 Philippe Monpontet"},{"@type":"BreadcrumbList","@id":"https:\/\/www.cie-colegram.com\/index.php\/equipe\/#breadcrumb","itemListElement":[{"@type":"ListItem","position":1,"name":"Accueil","item":"https:\/\/www.cie-colegram.com\/"},{"@type":"ListItem","position":2,"name":"L&#8217;\u00c9QUIPE"}]},{"@type":"WebSite","@id":"https:\/\/www.cie-colegram.com\/#website","url":"https:\/\/www.cie-colegram.com\/","name":"Cie Col\u00e9gram | Tarek A\u00eft Meddour","description":"","publisher":{"@id":"https:\/\/www.cie-colegram.com\/#organization"},"potentialAction":[{"@type":"SearchAction","target":{"@type":"EntryPoint","urlTemplate":"https:\/\/www.cie-colegram.com\/?s={search_term_string}"},"query-input":{"@type":"PropertyValueSpecification","valueRequired":true,"valueName":"search_term_string"}}],"inLanguage":"fr-FR"},{"@type":"Organization","@id":"https:\/\/www.cie-colegram.com\/#organization","name":"Cie Col\u00e9gram | Tarek A\u00eft Meddour","url":"https:\/\/www.cie-colegram.com\/","logo":{"@type":"ImageObject","inLanguage":"fr-FR","@id":"https:\/\/www.cie-colegram.com\/#\/schema\/logo\/image\/","url":"https:\/\/www.cie-colegram.com\/wp-content\/uploads\/2019\/12\/CLG_logo_NOIR.png","contentUrl":"https:\/\/www.cie-colegram.com\/wp-content\/uploads\/2019\/12\/CLG_logo_NOIR.png","width":1550,"height":2000,"caption":"Cie Col\u00e9gram | Tarek A\u00eft Meddour"},"image":{"@id":"https:\/\/www.cie-colegram.com\/#\/schema\/logo\/image\/"}}]}},"_links":{"self":[{"href":"https:\/\/www.cie-colegram.com\/index.php\/wp-json\/wp\/v2\/pages\/39","targetHints":{"allow":["GET"]}}],"collection":[{"href":"https:\/\/www.cie-colegram.com\/index.php\/wp-json\/wp\/v2\/pages"}],"about":[{"href":"https:\/\/www.cie-colegram.com\/index.php\/wp-json\/wp\/v2\/types\/page"}],"author":[{"embeddable":true,"href":"https:\/\/www.cie-colegram.com\/index.php\/wp-json\/wp\/v2\/users\/2"}],"replies":[{"embeddable":true,"href":"https:\/\/www.cie-colegram.com\/index.php\/wp-json\/wp\/v2\/comments?post=39"}],"version-history":[{"count":131,"href":"https:\/\/www.cie-colegram.com\/index.php\/wp-json\/wp\/v2\/pages\/39\/revisions"}],"predecessor-version":[{"id":2711,"href":"https:\/\/www.cie-colegram.com\/index.php\/wp-json\/wp\/v2\/pages\/39\/revisions\/2711"}],"wp:featuredmedia":[{"embeddable":true,"href":"https:\/\/www.cie-colegram.com\/index.php\/wp-json\/wp\/v2\/media\/135"}],"wp:attachment":[{"href":"https:\/\/www.cie-colegram.com\/index.php\/wp-json\/wp\/v2\/media?parent=39"}],"curies":[{"name":"wp","href":"https:\/\/api.w.org\/{rel}","templated":true}]}}