{"id":37,"date":"2019-12-15T15:07:30","date_gmt":"2019-12-15T14:07:30","guid":{"rendered":"https:\/\/www.cie-colegram.com\/?page_id=37"},"modified":"2025-02-04T18:28:45","modified_gmt":"2025-02-04T17:28:45","slug":"tarek-ait-meddour","status":"publish","type":"page","link":"https:\/\/www.cie-colegram.com\/index.php\/tarek-ait-meddour\/","title":{"rendered":"TAREK A\u00cfT MEDDOUR"},"content":{"rendered":"\t\t<div data-elementor-type=\"wp-page\" data-elementor-id=\"37\" class=\"elementor elementor-37\">\n\t\t\t\t\t\t<section class=\"elementor-section elementor-top-section elementor-element elementor-element-227686ce elementor-section-stretched elementor-section-boxed elementor-section-height-default elementor-section-height-default\" data-id=\"227686ce\" data-element_type=\"section\" data-e-type=\"section\" data-settings=\"{&quot;stretch_section&quot;:&quot;section-stretched&quot;}\">\n\t\t\t\t\t\t<div class=\"elementor-container elementor-column-gap-default\">\n\t\t\t\t\t<div class=\"elementor-column elementor-col-100 elementor-top-column elementor-element elementor-element-3d18195c\" data-id=\"3d18195c\" data-element_type=\"column\" data-e-type=\"column\">\n\t\t\t<div class=\"elementor-widget-wrap elementor-element-populated\">\n\t\t\t\t\t\t<div class=\"elementor-element elementor-element-49252a4e elementor-widget elementor-widget-text-editor\" data-id=\"49252a4e\" data-element_type=\"widget\" data-e-type=\"widget\" data-widget_type=\"text-editor.default\">\n\t\t\t\t<div class=\"elementor-widget-container\">\n\t\t\t\t\t\t\t\t\t<p><\/p>\n<p>Tarek A\u00eft Meddour&nbsp;est un chor\u00e9graphe au parcours riche de multiples rencontres et d&rsquo;enseignements exigeants qui l&rsquo;ont conduit \u00e0 fa\u00e7onner une danse pr\u00e9cise et m\u00e9tiss\u00e9e.<\/p>\n<p><\/p>\n<p>Issu des arts martiaux, il se forme \u00e0 l\u2019\u00c9cole nationale des Arts de Cr\u00e9teil puis \u00e0 l\u2019Acad\u00e9mie internationale de Danse de Paris. Apr\u00e8s des d\u00e9buts \u00e0 l\u2019Op\u00e9ra de Paris aux c\u00f4t\u00e9s de Laurence Fanon, au Th\u00e9\u00e2tre du&nbsp;Ch\u00e2telet avec Robert Carsen, puis avec Kim Brandstrup au Royal Opera de Londres,&nbsp;il int\u00e8gre le CCN de&nbsp;Nantes sous la direction de Claude Brumachon et Benjamin Lamarche. Il&nbsp;collabore ensuite avec les compagnies&nbsp;KH Karim Khouader, Black Sheep, Makiato, Ezio Schiavulli, et rencontre le travail de Giuliano Peparini et de Beno\u00eet Swan Pouffer.&nbsp;<\/p>\n<p><\/p>\n<p>Plus r\u00e9cemment, il intervient sur la cr\u00e9ation de l\u2019op\u00e9ra baroque&nbsp;<em>Alcione<\/em>, aupr\u00e8s de Rapha\u00eblle Boitel, \u00e0 travers le th\u00e9\u00e2tre physique m\u00eal\u00e9 aux arts du cirque.<\/p>\n<p><\/p>\n<p>Il travaille \u00e9galement sous la direction de Philippe Giraudeau \u00e0 l\u2019Op\u00e9ra de Paris et au Th\u00e9\u00e2tre des Champs-\u00c9lys\u00e9es, ainsi qu&rsquo;avec Marie-\u00c8ve Signeyrole pour une cr\u00e9ation originale pour l&rsquo;Orchestre de Chambre de Paris.<\/p>\n<p><\/p>\n<p>Par ailleurs,&nbsp;avec <a href=\"https:\/\/www.cie-colegram.com\/index.php\/equipe\/\">C\u00e9cile&nbsp;Combaret<\/a> et Sarah Perret Vignau,&nbsp;il co-fonde&nbsp;\u00ab\u00a0<a href=\"https:\/\/www.facebook.com\/rencontres.fmr\/\" target=\"_blank\" rel=\"noopener\">FMR<\/a>\u00ab\u00a0,&nbsp;festival international de danse contemporaine \u00e0 Arles.<\/p><p>Il intervient enfin tr\u00e8s r\u00e9guli\u00e8rement dans les centres de formation professionnelle.<\/p>\n<p><\/p>\t\t\t\t\t\t\t\t<\/div>\n\t\t\t\t<\/div>\n\t\t\t\t\t<\/div>\n\t\t<\/div>\n\t\t\t\t\t<\/div>\n\t\t<\/section>\n\t\t\t\t<section class=\"elementor-section elementor-top-section elementor-element elementor-element-f2a55d1 elementor-section-boxed elementor-section-height-default elementor-section-height-default\" data-id=\"f2a55d1\" data-element_type=\"section\" data-e-type=\"section\">\n\t\t\t\t\t\t<div class=\"elementor-container elementor-column-gap-default\">\n\t\t\t\t\t<div class=\"elementor-column elementor-col-100 elementor-top-column elementor-element elementor-element-381a023\" data-id=\"381a023\" data-element_type=\"column\" data-e-type=\"column\">\n\t\t\t<div class=\"elementor-widget-wrap elementor-element-populated\">\n\t\t\t\t\t\t<div class=\"elementor-element elementor-element-e8f3bf5 elementor-widget elementor-widget-spacer\" data-id=\"e8f3bf5\" data-element_type=\"widget\" data-e-type=\"widget\" data-widget_type=\"spacer.default\">\n\t\t\t\t<div class=\"elementor-widget-container\">\n\t\t\t\t\t\t\t<div class=\"elementor-spacer\">\n\t\t\t<div class=\"elementor-spacer-inner\"><\/div>\n\t\t<\/div>\n\t\t\t\t\t\t<\/div>\n\t\t\t\t<\/div>\n\t\t\t\t\t<\/div>\n\t\t<\/div>\n\t\t\t\t\t<\/div>\n\t\t<\/section>\n\t\t\t\t<\/div>\n\t\t","protected":false},"excerpt":{"rendered":"<p>Tarek A\u00eft Meddour&nbsp;est un chor\u00e9graphe au parcours riche de multiples rencontres et d&rsquo;enseignements exigeants qui l&rsquo;ont conduit \u00e0 fa\u00e7onner une danse pr\u00e9cise et m\u00e9tiss\u00e9e. Issu des arts martiaux, il se forme \u00e0 l\u2019\u00c9cole nationale des Arts de Cr\u00e9teil puis \u00e0 l\u2019Acad\u00e9mie internationale de Danse de Paris. Apr\u00e8s des d\u00e9buts \u00e0 l\u2019Op\u00e9ra de Paris aux c\u00f4t\u00e9s&hellip;<\/p>\n","protected":false},"author":2,"featured_media":1665,"parent":0,"menu_order":0,"comment_status":"closed","ping_status":"closed","template":"","meta":{"_monsterinsights_skip_tracking":false,"_monsterinsights_sitenote_active":false,"_monsterinsights_sitenote_note":"","_monsterinsights_sitenote_category":0,"footnotes":""},"class_list":["post-37","page","type-page","status-publish","has-post-thumbnail","hentry"],"yoast_head":"<!-- This site is optimized with the Yoast SEO plugin v24.5 - https:\/\/yoast.com\/wordpress\/plugins\/seo\/ -->\n<title>TAREK A\u00cfT MEDDOUR - Cie Col\u00e9gram | Tarek A\u00eft Meddour<\/title>\n<meta name=\"description\" content=\"Tarek A\u00eft Meddour est un chor\u00e9graphe nourri de multiples influences qui l&#039;ont conduit \u00e0 fa\u00e7onner une danse hybride, \u00e9motionnelle et engag\u00e9e.\" \/>\n<meta name=\"robots\" content=\"index, follow, max-snippet:-1, max-image-preview:large, max-video-preview:-1\" \/>\n<link rel=\"canonical\" href=\"https:\/\/www.cie-colegram.com\/index.php\/tarek-ait-meddour\/\" \/>\n<meta property=\"og:locale\" content=\"fr_FR\" \/>\n<meta property=\"og:type\" content=\"article\" \/>\n<meta property=\"og:title\" content=\"TAREK A\u00cfT MEDDOUR - Cie Col\u00e9gram | Tarek A\u00eft Meddour\" \/>\n<meta property=\"og:description\" content=\"Tarek A\u00eft Meddour est un chor\u00e9graphe nourri de multiples influences qui l&#039;ont conduit \u00e0 fa\u00e7onner une danse hybride, \u00e9motionnelle et engag\u00e9e.\" \/>\n<meta property=\"og:url\" content=\"https:\/\/www.cie-colegram.com\/index.php\/tarek-ait-meddour\/\" \/>\n<meta property=\"og:site_name\" content=\"Cie Col\u00e9gram | Tarek A\u00eft Meddour\" \/>\n<meta property=\"article:modified_time\" content=\"2025-02-04T17:28:45+00:00\" \/>\n<meta property=\"og:image\" content=\"https:\/\/www.cie-colegram.com\/wp-content\/uploads\/2020\/01\/cie-colegram-tarek-ait-meddour-portrait.jpg\" \/>\n\t<meta property=\"og:image:width\" content=\"2000\" \/>\n\t<meta property=\"og:image:height\" content=\"1200\" \/>\n\t<meta property=\"og:image:type\" content=\"image\/jpeg\" \/>\n<meta name=\"twitter:card\" content=\"summary_large_image\" \/>\n<meta name=\"twitter:label1\" content=\"Dur\u00e9e de lecture estim\u00e9e\" \/>\n\t<meta name=\"twitter:data1\" content=\"2 minutes\" \/>\n<script type=\"application\/ld+json\" class=\"yoast-schema-graph\">{\"@context\":\"https:\/\/schema.org\",\"@graph\":[{\"@type\":\"WebPage\",\"@id\":\"https:\/\/www.cie-colegram.com\/index.php\/tarek-ait-meddour\/\",\"url\":\"https:\/\/www.cie-colegram.com\/index.php\/tarek-ait-meddour\/\",\"name\":\"TAREK A\u00cfT MEDDOUR - Cie Col\u00e9gram | Tarek A\u00eft Meddour\",\"isPartOf\":{\"@id\":\"https:\/\/www.cie-colegram.com\/#website\"},\"primaryImageOfPage\":{\"@id\":\"https:\/\/www.cie-colegram.com\/index.php\/tarek-ait-meddour\/#primaryimage\"},\"image\":{\"@id\":\"https:\/\/www.cie-colegram.com\/index.php\/tarek-ait-meddour\/#primaryimage\"},\"thumbnailUrl\":\"https:\/\/www.cie-colegram.com\/wp-content\/uploads\/2020\/01\/cie-colegram-tarek-ait-meddour-portrait.jpg\",\"datePublished\":\"2019-12-15T14:07:30+00:00\",\"dateModified\":\"2025-02-04T17:28:45+00:00\",\"description\":\"Tarek A\u00eft Meddour est un chor\u00e9graphe nourri de multiples influences qui l'ont conduit \u00e0 fa\u00e7onner une danse hybride, \u00e9motionnelle et engag\u00e9e.\",\"breadcrumb\":{\"@id\":\"https:\/\/www.cie-colegram.com\/index.php\/tarek-ait-meddour\/#breadcrumb\"},\"inLanguage\":\"fr-FR\",\"potentialAction\":[{\"@type\":\"ReadAction\",\"target\":[\"https:\/\/www.cie-colegram.com\/index.php\/tarek-ait-meddour\/\"]}]},{\"@type\":\"ImageObject\",\"inLanguage\":\"fr-FR\",\"@id\":\"https:\/\/www.cie-colegram.com\/index.php\/tarek-ait-meddour\/#primaryimage\",\"url\":\"https:\/\/www.cie-colegram.com\/wp-content\/uploads\/2020\/01\/cie-colegram-tarek-ait-meddour-portrait.jpg\",\"contentUrl\":\"https:\/\/www.cie-colegram.com\/wp-content\/uploads\/2020\/01\/cie-colegram-tarek-ait-meddour-portrait.jpg\",\"width\":2000,\"height\":1200,\"caption\":\"Cie Col\u00e9gram, Tarek A\u00eft Meddour - Photo \u00a9 Philippe Monpontet\"},{\"@type\":\"BreadcrumbList\",\"@id\":\"https:\/\/www.cie-colegram.com\/index.php\/tarek-ait-meddour\/#breadcrumb\",\"itemListElement\":[{\"@type\":\"ListItem\",\"position\":1,\"name\":\"Accueil\",\"item\":\"https:\/\/www.cie-colegram.com\/\"},{\"@type\":\"ListItem\",\"position\":2,\"name\":\"TAREK A\u00cfT MEDDOUR\"}]},{\"@type\":\"WebSite\",\"@id\":\"https:\/\/www.cie-colegram.com\/#website\",\"url\":\"https:\/\/www.cie-colegram.com\/\",\"name\":\"Cie Col\u00e9gram | Tarek A\u00eft Meddour\",\"description\":\"\",\"publisher\":{\"@id\":\"https:\/\/www.cie-colegram.com\/#organization\"},\"potentialAction\":[{\"@type\":\"SearchAction\",\"target\":{\"@type\":\"EntryPoint\",\"urlTemplate\":\"https:\/\/www.cie-colegram.com\/?s={search_term_string}\"},\"query-input\":{\"@type\":\"PropertyValueSpecification\",\"valueRequired\":true,\"valueName\":\"search_term_string\"}}],\"inLanguage\":\"fr-FR\"},{\"@type\":\"Organization\",\"@id\":\"https:\/\/www.cie-colegram.com\/#organization\",\"name\":\"Cie Col\u00e9gram | Tarek A\u00eft Meddour\",\"url\":\"https:\/\/www.cie-colegram.com\/\",\"logo\":{\"@type\":\"ImageObject\",\"inLanguage\":\"fr-FR\",\"@id\":\"https:\/\/www.cie-colegram.com\/#\/schema\/logo\/image\/\",\"url\":\"https:\/\/www.cie-colegram.com\/wp-content\/uploads\/2019\/12\/CLG_logo_NOIR.png\",\"contentUrl\":\"https:\/\/www.cie-colegram.com\/wp-content\/uploads\/2019\/12\/CLG_logo_NOIR.png\",\"width\":1550,\"height\":2000,\"caption\":\"Cie Col\u00e9gram | Tarek A\u00eft Meddour\"},\"image\":{\"@id\":\"https:\/\/www.cie-colegram.com\/#\/schema\/logo\/image\/\"}}]}<\/script>\n<!-- \/ Yoast SEO plugin. -->","yoast_head_json":{"title":"TAREK A\u00cfT MEDDOUR - Cie Col\u00e9gram | Tarek A\u00eft Meddour","description":"Tarek A\u00eft Meddour est un chor\u00e9graphe nourri de multiples influences qui l'ont conduit \u00e0 fa\u00e7onner une danse hybride, \u00e9motionnelle et engag\u00e9e.","robots":{"index":"index","follow":"follow","max-snippet":"max-snippet:-1","max-image-preview":"max-image-preview:large","max-video-preview":"max-video-preview:-1"},"canonical":"https:\/\/www.cie-colegram.com\/index.php\/tarek-ait-meddour\/","og_locale":"fr_FR","og_type":"article","og_title":"TAREK A\u00cfT MEDDOUR - Cie Col\u00e9gram | Tarek A\u00eft Meddour","og_description":"Tarek A\u00eft Meddour est un chor\u00e9graphe nourri de multiples influences qui l'ont conduit \u00e0 fa\u00e7onner une danse hybride, \u00e9motionnelle et engag\u00e9e.","og_url":"https:\/\/www.cie-colegram.com\/index.php\/tarek-ait-meddour\/","og_site_name":"Cie Col\u00e9gram | Tarek A\u00eft Meddour","article_modified_time":"2025-02-04T17:28:45+00:00","og_image":[{"width":2000,"height":1200,"url":"https:\/\/www.cie-colegram.com\/wp-content\/uploads\/2020\/01\/cie-colegram-tarek-ait-meddour-portrait.jpg","type":"image\/jpeg"}],"twitter_card":"summary_large_image","twitter_misc":{"Dur\u00e9e de lecture estim\u00e9e":"2 minutes"},"schema":{"@context":"https:\/\/schema.org","@graph":[{"@type":"WebPage","@id":"https:\/\/www.cie-colegram.com\/index.php\/tarek-ait-meddour\/","url":"https:\/\/www.cie-colegram.com\/index.php\/tarek-ait-meddour\/","name":"TAREK A\u00cfT MEDDOUR - Cie Col\u00e9gram | Tarek A\u00eft Meddour","isPartOf":{"@id":"https:\/\/www.cie-colegram.com\/#website"},"primaryImageOfPage":{"@id":"https:\/\/www.cie-colegram.com\/index.php\/tarek-ait-meddour\/#primaryimage"},"image":{"@id":"https:\/\/www.cie-colegram.com\/index.php\/tarek-ait-meddour\/#primaryimage"},"thumbnailUrl":"https:\/\/www.cie-colegram.com\/wp-content\/uploads\/2020\/01\/cie-colegram-tarek-ait-meddour-portrait.jpg","datePublished":"2019-12-15T14:07:30+00:00","dateModified":"2025-02-04T17:28:45+00:00","description":"Tarek A\u00eft Meddour est un chor\u00e9graphe nourri de multiples influences qui l'ont conduit \u00e0 fa\u00e7onner une danse hybride, \u00e9motionnelle et engag\u00e9e.","breadcrumb":{"@id":"https:\/\/www.cie-colegram.com\/index.php\/tarek-ait-meddour\/#breadcrumb"},"inLanguage":"fr-FR","potentialAction":[{"@type":"ReadAction","target":["https:\/\/www.cie-colegram.com\/index.php\/tarek-ait-meddour\/"]}]},{"@type":"ImageObject","inLanguage":"fr-FR","@id":"https:\/\/www.cie-colegram.com\/index.php\/tarek-ait-meddour\/#primaryimage","url":"https:\/\/www.cie-colegram.com\/wp-content\/uploads\/2020\/01\/cie-colegram-tarek-ait-meddour-portrait.jpg","contentUrl":"https:\/\/www.cie-colegram.com\/wp-content\/uploads\/2020\/01\/cie-colegram-tarek-ait-meddour-portrait.jpg","width":2000,"height":1200,"caption":"Cie Col\u00e9gram, Tarek A\u00eft Meddour - Photo \u00a9 Philippe Monpontet"},{"@type":"BreadcrumbList","@id":"https:\/\/www.cie-colegram.com\/index.php\/tarek-ait-meddour\/#breadcrumb","itemListElement":[{"@type":"ListItem","position":1,"name":"Accueil","item":"https:\/\/www.cie-colegram.com\/"},{"@type":"ListItem","position":2,"name":"TAREK A\u00cfT MEDDOUR"}]},{"@type":"WebSite","@id":"https:\/\/www.cie-colegram.com\/#website","url":"https:\/\/www.cie-colegram.com\/","name":"Cie Col\u00e9gram | Tarek A\u00eft Meddour","description":"","publisher":{"@id":"https:\/\/www.cie-colegram.com\/#organization"},"potentialAction":[{"@type":"SearchAction","target":{"@type":"EntryPoint","urlTemplate":"https:\/\/www.cie-colegram.com\/?s={search_term_string}"},"query-input":{"@type":"PropertyValueSpecification","valueRequired":true,"valueName":"search_term_string"}}],"inLanguage":"fr-FR"},{"@type":"Organization","@id":"https:\/\/www.cie-colegram.com\/#organization","name":"Cie Col\u00e9gram | Tarek A\u00eft Meddour","url":"https:\/\/www.cie-colegram.com\/","logo":{"@type":"ImageObject","inLanguage":"fr-FR","@id":"https:\/\/www.cie-colegram.com\/#\/schema\/logo\/image\/","url":"https:\/\/www.cie-colegram.com\/wp-content\/uploads\/2019\/12\/CLG_logo_NOIR.png","contentUrl":"https:\/\/www.cie-colegram.com\/wp-content\/uploads\/2019\/12\/CLG_logo_NOIR.png","width":1550,"height":2000,"caption":"Cie Col\u00e9gram | Tarek A\u00eft Meddour"},"image":{"@id":"https:\/\/www.cie-colegram.com\/#\/schema\/logo\/image\/"}}]}},"_links":{"self":[{"href":"https:\/\/www.cie-colegram.com\/index.php\/wp-json\/wp\/v2\/pages\/37","targetHints":{"allow":["GET"]}}],"collection":[{"href":"https:\/\/www.cie-colegram.com\/index.php\/wp-json\/wp\/v2\/pages"}],"about":[{"href":"https:\/\/www.cie-colegram.com\/index.php\/wp-json\/wp\/v2\/types\/page"}],"author":[{"embeddable":true,"href":"https:\/\/www.cie-colegram.com\/index.php\/wp-json\/wp\/v2\/users\/2"}],"replies":[{"embeddable":true,"href":"https:\/\/www.cie-colegram.com\/index.php\/wp-json\/wp\/v2\/comments?post=37"}],"version-history":[{"count":50,"href":"https:\/\/www.cie-colegram.com\/index.php\/wp-json\/wp\/v2\/pages\/37\/revisions"}],"predecessor-version":[{"id":2714,"href":"https:\/\/www.cie-colegram.com\/index.php\/wp-json\/wp\/v2\/pages\/37\/revisions\/2714"}],"wp:featuredmedia":[{"embeddable":true,"href":"https:\/\/www.cie-colegram.com\/index.php\/wp-json\/wp\/v2\/media\/1665"}],"wp:attachment":[{"href":"https:\/\/www.cie-colegram.com\/index.php\/wp-json\/wp\/v2\/media?parent=37"}],"curies":[{"name":"wp","href":"https:\/\/api.w.org\/{rel}","templated":true}]}}