{"id":2662,"date":"2023-02-09T17:23:26","date_gmt":"2023-02-09T16:23:26","guid":{"rendered":"https:\/\/www.cie-colegram.com\/?post_type=mec-events&#038;p=2662"},"modified":"2023-02-09T17:24:38","modified_gmt":"2023-02-09T16:24:38","slug":"conference-sur-lart-de-la-decision-avec-cecile-combaret-evenement-prive","status":"publish","type":"mec-events","link":"https:\/\/www.cie-colegram.com\/index.php\/events\/conference-sur-lart-de-la-decision-avec-cecile-combaret-evenement-prive\/","title":{"rendered":"Conf\u00e9rence sur l&rsquo;art de la d\u00e9cision avec C\u00e9cile Combaret (\u00e9v\u00e9nement priv\u00e9)"},"content":{"rendered":"\n<p>\u00c0 la pr\u00e9fecture de Lyon dans le cadre des soir\u00e9es de l&rsquo;INET<\/p>\n\n\n\n<iframe src=\"https:\/\/www.google.com\/maps\/embed?pb=!1m18!1m12!1m3!1d11134.2563297935!2d4.84313!3d45.759884449999994!2m3!1f0!2f0!3f0!3m2!1i1024!2i768!4f13.1!3m3!1m2!1s0x47f4ea596ce87bfd%3A0x3168f2fcaafa5038!2sPr%C3%A9fecture%2C%2069003%20Lyon!5e0!3m2!1sfr!2sfr!4v1675959714112!5m2!1sfr!2sfr\" width=\"600\" height=\"450\" style=\"border:0;\" allowfullscreen=\"\" loading=\"lazy\" referrerpolicy=\"no-referrer-when-downgrade\"><\/iframe>\n","protected":false},"excerpt":{"rendered":"<p>\u00c0 la pr\u00e9fecture de Lyon dans le cadre des soir\u00e9es de l&rsquo;INET<\/p>\n","protected":false},"author":1,"featured_media":2640,"comment_status":"open","ping_status":"closed","template":"","tags":[116],"mec_category":[],"class_list":["post-2662","mec-events","type-mec-events","status-publish","has-post-thumbnail","hentry","tag-atelier"],"yoast_head":"<!-- This site is optimized with the Yoast SEO plugin v24.5 - https:\/\/yoast.com\/wordpress\/plugins\/seo\/ -->\n<title>Conf\u00e9rence sur l&#039;art de la d\u00e9cision avec C\u00e9cile Combaret (\u00e9v\u00e9nement priv\u00e9) - Cie Col\u00e9gram | Tarek A\u00eft Meddour<\/title>\n<meta name=\"description\" content=\"Conf\u00e9rence sur l&#039;art de la d\u00e9cision avec C\u00e9cile Combaret \u00e0 la pr\u00e9fecture de Lyon dans le cadre des soir\u00e9es de l&#039;INET le 28 mars 2023\" \/>\n<meta name=\"robots\" content=\"index, follow, max-snippet:-1, max-image-preview:large, max-video-preview:-1\" \/>\n<link rel=\"canonical\" href=\"https:\/\/www.cie-colegram.com\/index.php\/events\/conference-sur-lart-de-la-decision-avec-cecile-combaret-evenement-prive\/\" \/>\n<meta property=\"og:locale\" content=\"fr_FR\" \/>\n<meta property=\"og:type\" content=\"article\" \/>\n<meta property=\"og:title\" content=\"Conf\u00e9rence sur l&#039;art de la d\u00e9cision avec C\u00e9cile Combaret (\u00e9v\u00e9nement priv\u00e9) - Cie Col\u00e9gram | Tarek A\u00eft Meddour\" \/>\n<meta property=\"og:description\" content=\"Conf\u00e9rence sur l&#039;art de la d\u00e9cision avec C\u00e9cile Combaret \u00e0 la pr\u00e9fecture de Lyon dans le cadre des soir\u00e9es de l&#039;INET le 28 mars 2023\" \/>\n<meta property=\"og:url\" content=\"https:\/\/www.cie-colegram.com\/index.php\/events\/conference-sur-lart-de-la-decision-avec-cecile-combaret-evenement-prive\/\" \/>\n<meta property=\"og:site_name\" content=\"Cie Col\u00e9gram | Tarek A\u00eft Meddour\" \/>\n<meta property=\"article:modified_time\" content=\"2023-02-09T16:24:38+00:00\" \/>\n<meta property=\"og:image\" content=\"https:\/\/www.cie-colegram.com\/wp-content\/uploads\/2023\/02\/cie-colegram-tarek-stage.jpg\" \/>\n\t<meta property=\"og:image:width\" content=\"2000\" \/>\n\t<meta property=\"og:image:height\" content=\"1200\" \/>\n\t<meta property=\"og:image:type\" content=\"image\/jpeg\" \/>\n<meta name=\"twitter:card\" content=\"summary_large_image\" \/>\n<meta name=\"twitter:label1\" content=\"Dur\u00e9e de lecture estim\u00e9e\" \/>\n\t<meta name=\"twitter:data1\" content=\"1 minute\" \/>\n<script type=\"application\/ld+json\" class=\"yoast-schema-graph\">{\"@context\":\"https:\/\/schema.org\",\"@graph\":[{\"@type\":\"WebPage\",\"@id\":\"https:\/\/www.cie-colegram.com\/index.php\/events\/conference-sur-lart-de-la-decision-avec-cecile-combaret-evenement-prive\/\",\"url\":\"https:\/\/www.cie-colegram.com\/index.php\/events\/conference-sur-lart-de-la-decision-avec-cecile-combaret-evenement-prive\/\",\"name\":\"Conf\u00e9rence sur l'art de la d\u00e9cision avec C\u00e9cile Combaret (\u00e9v\u00e9nement priv\u00e9) - Cie Col\u00e9gram | Tarek A\u00eft Meddour\",\"isPartOf\":{\"@id\":\"https:\/\/www.cie-colegram.com\/#website\"},\"primaryImageOfPage\":{\"@id\":\"https:\/\/www.cie-colegram.com\/index.php\/events\/conference-sur-lart-de-la-decision-avec-cecile-combaret-evenement-prive\/#primaryimage\"},\"image\":{\"@id\":\"https:\/\/www.cie-colegram.com\/index.php\/events\/conference-sur-lart-de-la-decision-avec-cecile-combaret-evenement-prive\/#primaryimage\"},\"thumbnailUrl\":\"https:\/\/www.cie-colegram.com\/wp-content\/uploads\/2023\/02\/cie-colegram-tarek-stage.jpg\",\"datePublished\":\"2023-02-09T16:23:26+00:00\",\"dateModified\":\"2023-02-09T16:24:38+00:00\",\"description\":\"Conf\u00e9rence sur l'art de la d\u00e9cision avec C\u00e9cile Combaret \u00e0 la pr\u00e9fecture de Lyon dans le cadre des soir\u00e9es de l'INET le 28 mars 2023\",\"breadcrumb\":{\"@id\":\"https:\/\/www.cie-colegram.com\/index.php\/events\/conference-sur-lart-de-la-decision-avec-cecile-combaret-evenement-prive\/#breadcrumb\"},\"inLanguage\":\"fr-FR\",\"potentialAction\":[{\"@type\":\"ReadAction\",\"target\":[\"https:\/\/www.cie-colegram.com\/index.php\/events\/conference-sur-lart-de-la-decision-avec-cecile-combaret-evenement-prive\/\"]}]},{\"@type\":\"ImageObject\",\"inLanguage\":\"fr-FR\",\"@id\":\"https:\/\/www.cie-colegram.com\/index.php\/events\/conference-sur-lart-de-la-decision-avec-cecile-combaret-evenement-prive\/#primaryimage\",\"url\":\"https:\/\/www.cie-colegram.com\/wp-content\/uploads\/2023\/02\/cie-colegram-tarek-stage.jpg\",\"contentUrl\":\"https:\/\/www.cie-colegram.com\/wp-content\/uploads\/2023\/02\/cie-colegram-tarek-stage.jpg\",\"width\":2000,\"height\":1200},{\"@type\":\"BreadcrumbList\",\"@id\":\"https:\/\/www.cie-colegram.com\/index.php\/events\/conference-sur-lart-de-la-decision-avec-cecile-combaret-evenement-prive\/#breadcrumb\",\"itemListElement\":[{\"@type\":\"ListItem\",\"position\":1,\"name\":\"Accueil\",\"item\":\"https:\/\/www.cie-colegram.com\/\"},{\"@type\":\"ListItem\",\"position\":2,\"name\":\"\u00c9venements\",\"item\":\"https:\/\/www.cie-colegram.com\/index.php\/events\/\"},{\"@type\":\"ListItem\",\"position\":3,\"name\":\"Conf\u00e9rence sur l&#8217;art de la d\u00e9cision avec C\u00e9cile Combaret (\u00e9v\u00e9nement priv\u00e9)\"}]},{\"@type\":\"WebSite\",\"@id\":\"https:\/\/www.cie-colegram.com\/#website\",\"url\":\"https:\/\/www.cie-colegram.com\/\",\"name\":\"Cie Col\u00e9gram | Tarek A\u00eft Meddour\",\"description\":\"\",\"publisher\":{\"@id\":\"https:\/\/www.cie-colegram.com\/#organization\"},\"potentialAction\":[{\"@type\":\"SearchAction\",\"target\":{\"@type\":\"EntryPoint\",\"urlTemplate\":\"https:\/\/www.cie-colegram.com\/?s={search_term_string}\"},\"query-input\":{\"@type\":\"PropertyValueSpecification\",\"valueRequired\":true,\"valueName\":\"search_term_string\"}}],\"inLanguage\":\"fr-FR\"},{\"@type\":\"Organization\",\"@id\":\"https:\/\/www.cie-colegram.com\/#organization\",\"name\":\"Cie Col\u00e9gram | Tarek A\u00eft Meddour\",\"url\":\"https:\/\/www.cie-colegram.com\/\",\"logo\":{\"@type\":\"ImageObject\",\"inLanguage\":\"fr-FR\",\"@id\":\"https:\/\/www.cie-colegram.com\/#\/schema\/logo\/image\/\",\"url\":\"https:\/\/www.cie-colegram.com\/wp-content\/uploads\/2019\/12\/CLG_logo_NOIR.png\",\"contentUrl\":\"https:\/\/www.cie-colegram.com\/wp-content\/uploads\/2019\/12\/CLG_logo_NOIR.png\",\"width\":1550,\"height\":2000,\"caption\":\"Cie Col\u00e9gram | Tarek A\u00eft Meddour\"},\"image\":{\"@id\":\"https:\/\/www.cie-colegram.com\/#\/schema\/logo\/image\/\"}}]}<\/script>\n<!-- \/ Yoast SEO plugin. -->","yoast_head_json":{"title":"Conf\u00e9rence sur l'art de la d\u00e9cision avec C\u00e9cile Combaret (\u00e9v\u00e9nement priv\u00e9) - Cie Col\u00e9gram | Tarek A\u00eft Meddour","description":"Conf\u00e9rence sur l'art de la d\u00e9cision avec C\u00e9cile Combaret \u00e0 la pr\u00e9fecture de Lyon dans le cadre des soir\u00e9es de l'INET le 28 mars 2023","robots":{"index":"index","follow":"follow","max-snippet":"max-snippet:-1","max-image-preview":"max-image-preview:large","max-video-preview":"max-video-preview:-1"},"canonical":"https:\/\/www.cie-colegram.com\/index.php\/events\/conference-sur-lart-de-la-decision-avec-cecile-combaret-evenement-prive\/","og_locale":"fr_FR","og_type":"article","og_title":"Conf\u00e9rence sur l'art de la d\u00e9cision avec C\u00e9cile Combaret (\u00e9v\u00e9nement priv\u00e9) - Cie Col\u00e9gram | Tarek A\u00eft Meddour","og_description":"Conf\u00e9rence sur l'art de la d\u00e9cision avec C\u00e9cile Combaret \u00e0 la pr\u00e9fecture de Lyon dans le cadre des soir\u00e9es de l'INET le 28 mars 2023","og_url":"https:\/\/www.cie-colegram.com\/index.php\/events\/conference-sur-lart-de-la-decision-avec-cecile-combaret-evenement-prive\/","og_site_name":"Cie Col\u00e9gram | Tarek A\u00eft Meddour","article_modified_time":"2023-02-09T16:24:38+00:00","og_image":[{"width":2000,"height":1200,"url":"https:\/\/www.cie-colegram.com\/wp-content\/uploads\/2023\/02\/cie-colegram-tarek-stage.jpg","type":"image\/jpeg"}],"twitter_card":"summary_large_image","twitter_misc":{"Dur\u00e9e de lecture estim\u00e9e":"1 minute"},"schema":{"@context":"https:\/\/schema.org","@graph":[{"@type":"WebPage","@id":"https:\/\/www.cie-colegram.com\/index.php\/events\/conference-sur-lart-de-la-decision-avec-cecile-combaret-evenement-prive\/","url":"https:\/\/www.cie-colegram.com\/index.php\/events\/conference-sur-lart-de-la-decision-avec-cecile-combaret-evenement-prive\/","name":"Conf\u00e9rence sur l'art de la d\u00e9cision avec C\u00e9cile Combaret (\u00e9v\u00e9nement priv\u00e9) - Cie Col\u00e9gram | Tarek A\u00eft Meddour","isPartOf":{"@id":"https:\/\/www.cie-colegram.com\/#website"},"primaryImageOfPage":{"@id":"https:\/\/www.cie-colegram.com\/index.php\/events\/conference-sur-lart-de-la-decision-avec-cecile-combaret-evenement-prive\/#primaryimage"},"image":{"@id":"https:\/\/www.cie-colegram.com\/index.php\/events\/conference-sur-lart-de-la-decision-avec-cecile-combaret-evenement-prive\/#primaryimage"},"thumbnailUrl":"https:\/\/www.cie-colegram.com\/wp-content\/uploads\/2023\/02\/cie-colegram-tarek-stage.jpg","datePublished":"2023-02-09T16:23:26+00:00","dateModified":"2023-02-09T16:24:38+00:00","description":"Conf\u00e9rence sur l'art de la d\u00e9cision avec C\u00e9cile Combaret \u00e0 la pr\u00e9fecture de Lyon dans le cadre des soir\u00e9es de l'INET le 28 mars 2023","breadcrumb":{"@id":"https:\/\/www.cie-colegram.com\/index.php\/events\/conference-sur-lart-de-la-decision-avec-cecile-combaret-evenement-prive\/#breadcrumb"},"inLanguage":"fr-FR","potentialAction":[{"@type":"ReadAction","target":["https:\/\/www.cie-colegram.com\/index.php\/events\/conference-sur-lart-de-la-decision-avec-cecile-combaret-evenement-prive\/"]}]},{"@type":"ImageObject","inLanguage":"fr-FR","@id":"https:\/\/www.cie-colegram.com\/index.php\/events\/conference-sur-lart-de-la-decision-avec-cecile-combaret-evenement-prive\/#primaryimage","url":"https:\/\/www.cie-colegram.com\/wp-content\/uploads\/2023\/02\/cie-colegram-tarek-stage.jpg","contentUrl":"https:\/\/www.cie-colegram.com\/wp-content\/uploads\/2023\/02\/cie-colegram-tarek-stage.jpg","width":2000,"height":1200},{"@type":"BreadcrumbList","@id":"https:\/\/www.cie-colegram.com\/index.php\/events\/conference-sur-lart-de-la-decision-avec-cecile-combaret-evenement-prive\/#breadcrumb","itemListElement":[{"@type":"ListItem","position":1,"name":"Accueil","item":"https:\/\/www.cie-colegram.com\/"},{"@type":"ListItem","position":2,"name":"\u00c9venements","item":"https:\/\/www.cie-colegram.com\/index.php\/events\/"},{"@type":"ListItem","position":3,"name":"Conf\u00e9rence sur l&#8217;art de la d\u00e9cision avec C\u00e9cile Combaret (\u00e9v\u00e9nement priv\u00e9)"}]},{"@type":"WebSite","@id":"https:\/\/www.cie-colegram.com\/#website","url":"https:\/\/www.cie-colegram.com\/","name":"Cie Col\u00e9gram | Tarek A\u00eft Meddour","description":"","publisher":{"@id":"https:\/\/www.cie-colegram.com\/#organization"},"potentialAction":[{"@type":"SearchAction","target":{"@type":"EntryPoint","urlTemplate":"https:\/\/www.cie-colegram.com\/?s={search_term_string}"},"query-input":{"@type":"PropertyValueSpecification","valueRequired":true,"valueName":"search_term_string"}}],"inLanguage":"fr-FR"},{"@type":"Organization","@id":"https:\/\/www.cie-colegram.com\/#organization","name":"Cie Col\u00e9gram | Tarek A\u00eft Meddour","url":"https:\/\/www.cie-colegram.com\/","logo":{"@type":"ImageObject","inLanguage":"fr-FR","@id":"https:\/\/www.cie-colegram.com\/#\/schema\/logo\/image\/","url":"https:\/\/www.cie-colegram.com\/wp-content\/uploads\/2019\/12\/CLG_logo_NOIR.png","contentUrl":"https:\/\/www.cie-colegram.com\/wp-content\/uploads\/2019\/12\/CLG_logo_NOIR.png","width":1550,"height":2000,"caption":"Cie Col\u00e9gram | Tarek A\u00eft Meddour"},"image":{"@id":"https:\/\/www.cie-colegram.com\/#\/schema\/logo\/image\/"}}]}},"_links":{"self":[{"href":"https:\/\/www.cie-colegram.com\/index.php\/wp-json\/wp\/v2\/mec-events\/2662","targetHints":{"allow":["GET"]}}],"collection":[{"href":"https:\/\/www.cie-colegram.com\/index.php\/wp-json\/wp\/v2\/mec-events"}],"about":[{"href":"https:\/\/www.cie-colegram.com\/index.php\/wp-json\/wp\/v2\/types\/mec-events"}],"author":[{"embeddable":true,"href":"https:\/\/www.cie-colegram.com\/index.php\/wp-json\/wp\/v2\/users\/1"}],"replies":[{"embeddable":true,"href":"https:\/\/www.cie-colegram.com\/index.php\/wp-json\/wp\/v2\/comments?post=2662"}],"version-history":[{"count":1,"href":"https:\/\/www.cie-colegram.com\/index.php\/wp-json\/wp\/v2\/mec-events\/2662\/revisions"}],"predecessor-version":[{"id":2663,"href":"https:\/\/www.cie-colegram.com\/index.php\/wp-json\/wp\/v2\/mec-events\/2662\/revisions\/2663"}],"wp:featuredmedia":[{"embeddable":true,"href":"https:\/\/www.cie-colegram.com\/index.php\/wp-json\/wp\/v2\/media\/2640"}],"wp:attachment":[{"href":"https:\/\/www.cie-colegram.com\/index.php\/wp-json\/wp\/v2\/media?parent=2662"}],"wp:term":[{"taxonomy":"post_tag","embeddable":true,"href":"https:\/\/www.cie-colegram.com\/index.php\/wp-json\/wp\/v2\/tags?post=2662"},{"taxonomy":"mec_category","embeddable":true,"href":"https:\/\/www.cie-colegram.com\/index.php\/wp-json\/wp\/v2\/mec_category?post=2662"}],"curies":[{"name":"wp","href":"https:\/\/api.w.org\/{rel}","templated":true}]}}